{"id":235,"date":"2021-02-28T09:22:30","date_gmt":"2021-02-28T08:22:30","guid":{"rendered":"http:\/\/referent-handicap.org\/?page_id=235"},"modified":"2025-12-04T09:48:41","modified_gmt":"2025-12-04T08:48:41","slug":"deroulement","status":"publish","type":"page","link":"https:\/\/referent-handicap.org\/index.php\/deroulement\/","title":{"rendered":"Nos Formations"},"content":{"rendered":"\n<h1 class=\"wp-block-heading has-luminous-vivid-orange-color has-text-color has-link-color wp-elements-dae3b63e0ecac84e3d378a84366dc5c3\"><strong>Placer la personne <\/strong><br><strong>en situation de r\u00e9ussite!<\/strong><br><\/h1>\n\n\n\n<figure class=\"wp-block-image size-large is-resized\"><img loading=\"lazy\" decoding=\"async\" width=\"605\" height=\"403\" src=\"http:\/\/referent-handicap.org\/wp-content\/uploads\/2021\/03\/popolnB-1.jpg\" alt=\"\" class=\"wp-image-461\" style=\"width:476px;height:318px\" srcset=\"https:\/\/referent-handicap.org\/wp-content\/uploads\/2021\/03\/popolnB-1.jpg 605w, https:\/\/referent-handicap.org\/wp-content\/uploads\/2021\/03\/popolnB-1-300x200.jpg 300w\" sizes=\"auto, (max-width: 605px) 100vw, 605px\" \/><\/figure>\n\n\n\n<p class=\"has-luminous-vivid-amber-background-color has-background has-medium-font-size\"><strong>Quels sont nos Objectifs<\/strong><br>\u2022 Accompagner les participants pour r\u00e9veiller et d\u00e9velopper<br> leurs comp\u00e9tences<br>\u2022 Leur permettre de gagner en autonomie et en efficacit\u00e9 professionnelle<br><strong>Mise en \u0153uvre<\/strong><br>\u2022 Inter-\u00e9tablissements<br>\u2022 Intra-\u00e9tablissement<br>\u2022 Formation individuelle sur mesure<br><strong>Dur\u00e9e<\/strong><br>\u2022 A d\u00e9finir selon nos diff\u00e9rentes formations<br><strong>Les conditions d\u2019acc\u00e8s<\/strong><br>\u2022 Positionnement individuel r\u00e9alis\u00e9 sur les comp\u00e9tences socles et les savoir-faire informatiques<br><strong>Modalit\u00e9s et d\u00e9lais d\u2019acc\u00e8s<\/strong><br>\u2022 Mise en place du calendrier<br>\u2022 Inscription 15 jours avant le d\u00e9marrage de l\u2019accompagnement<br>\u2022 R\u00e9ponse sous 4 jours<br><strong>M\u00e9thodes mobilis\u00e9es<\/strong><br>\u2022 Positionnement individuel r\u00e9alis\u00e9 sur les comp\u00e9tences socles et informatiques <br><strong>Modalit\u00e9s d\u2019\u00e9valuation<\/strong><br>\u2022 Formations\/Action<br>\u2022 Tests d\u2019\u00e9valuation des acquis r\u00e9alis\u00e9s individuellement en autonomie<br><strong>Proposition Financi\u00e8re <\/strong><br>\u2022 A d\u00e9finir selon le choix de la formation et les pr\u00e9requis de participants<\/p>\n\n\n\n<p class=\"has-black-color has-cyan-bluish-gray-background-color has-text-color has-background has-link-color has-medium-font-size wp-elements-dc753a7d81fd98d8d0c2ae0cbcc73db1\"><strong>Office 365 et le travail collaboratif<\/strong><br>\u2022 Apprendre \u00e0 utiliser les commandes essentielles.<br>\u2022 Comprendre OneDrive pour mieux l\u2019utiliser<br>\u2022 Utiliser SharePoint, Teams, pour travailler de mani\u00e8re collaborative.<br>\u2022 Utiliser efficacement la messagerie Outlook<br>\u2022 Ma\u00eetrise les bases de Word et d\u2019Excel. R\u00e9aliser des pr\u00e9sentations PowerPoint.<br><strong>Dur\u00e9e : A d\u00e9finir<br>Montant : A d\u00e9finir<\/strong><\/p>\n\n\n\n<p class=\"has-black-color has-luminous-vivid-amber-background-color has-text-color has-background has-link-color has-medium-font-size wp-elements-85d1f26c313c01d00bf322a7e42a7656\"><strong>Accompagnement \u00e0 la Certification PCIE <\/strong><br><strong>(Passeport de Comp\u00e9tences Informatiques Europ\u00e9en)<\/strong><br>\u2022 Acqu\u00e9rir les comp\u00e9tences suffisantes pour garantir l\u2019autonomie et la performance <br>\u2022 En tant qu\u2019utilisateur quotidien des Technologies de l\u2019Information et de la communication <br>\u2022 Sur les logiciels standards de la bureautique. (Formation \u00c9ligible au CPF)<br><strong>Dur\u00e9e : 16 s\u00e9ances<br>Montant : 2 100,00 \u20ac Nets<\/strong><\/p>\n\n\n\n<p class=\"has-black-color has-cyan-bluish-gray-background-color has-text-color has-background has-link-color has-medium-font-size wp-elements-40272f731c3daedfd961b3c3a152a878\"><strong>LSA \u00ab\u00a0La Souris Apprivois\u00e9e<\/strong>\u00ab\u00a0<br>\u2022 Pr\u00e9sentation du dossier LSA <br>\u2022 Utilisation de l\u2019ordinateur <br>\u2022 Utilisation de Windows et du traitement de texte <br>\u2022 D\u00e9couverte du Web et d\u2019Internet <br>\u2022 Utilisation de la messagerie \u00e9lectronique<br>\u2022 L\u2019\u00e9tape finale conduit \u00e0 la certification LSA<br><strong>Dur\u00e9e : 6 s\u00e9ances<br>Montant : 800,00 \u20ac Nets<\/strong><\/p>\n\n\n\n<p class=\"has-black-color has-luminous-vivid-amber-background-color has-text-color has-background has-link-color has-medium-font-size wp-elements-92f57a6913b249bb1c9eb6cc168c22cc\"><strong>Formation \u00e0 la GED (Gestion Electronique de Documents)<\/strong><br>\u2022 Utiliser Acrobat professionnel ou Kofax <br>\u2022 Pour g\u00e9rer les fichiers PDF dans un flux de production GED<br><strong>Dur\u00e9e : A d\u00e9finir<br>Montant : A d\u00e9finir<\/strong><\/p>\n\n\n\n<p class=\"has-black-color has-cyan-bluish-gray-background-color has-text-color has-background has-link-color has-medium-font-size wp-elements-8cae2939269dc35c3294ee8a326b45ab\"><strong>Accompagner les personnes dans la ma\u00eetrise des savoirs de base<\/strong><br>\u2022 Utiliser les outils num\u00e9riques<br>\u2022 S\u2019exprimer \u00e0 l\u2019\u00e9crit et \u00e0 l\u2019oral<br>\u2022 Employer les math\u00e9matiques<br>\u2022 D\u00e9velopper son raisonnement logique<br><strong>Dur\u00e9e : 15 s\u00e9ances<br>Montant : 1 850,00 \u20ac Nets<\/strong><br><\/p>\n\n\n\n<p class=\"has-black-color has-luminous-vivid-amber-background-color has-text-color has-background has-link-color has-medium-font-size wp-elements-bab147b4fb8695db43626f0a365fcbc0\"><strong>Demandez notre pr\u00e9sentation d\u00e9taill\u00e9e<\/strong> : contact@handiplume.fr<\/p>\n\n\n\n<p><\/p>\n\n\n\n<p><\/p>\n","protected":false},"excerpt":{"rendered":"<div class=\"slide-text-bg2\"><span>Placer la personne en situation de r\u00e9ussite! Quels sont nos Objectifs\u2022 Accompagner les participants pour r\u00e9veiller et d\u00e9velopper leurs comp\u00e9tences\u2022<\/span><\/div>\n<div class=\"slide-btn-area-sm\"><a href=\"https:\/\/referent-handicap.org\/index.php\/deroulement\/\" class=\"slide-btn-sm\">Lire la suite<\/a><\/div>\n","protected":false},"author":1,"featured_media":0,"parent":0,"menu_order":0,"comment_status":"closed","ping_status":"closed","template":"","meta":{"footnotes":""},"class_list":["post-235","page","type-page","status-publish","hentry"],"_links":{"self":[{"href":"https:\/\/referent-handicap.org\/index.php\/wp-json\/wp\/v2\/pages\/235","targetHints":{"allow":["GET"]}}],"collection":[{"href":"https:\/\/referent-handicap.org\/index.php\/wp-json\/wp\/v2\/pages"}],"about":[{"href":"https:\/\/referent-handicap.org\/index.php\/wp-json\/wp\/v2\/types\/page"}],"author":[{"embeddable":true,"href":"https:\/\/referent-handicap.org\/index.php\/wp-json\/wp\/v2\/users\/1"}],"replies":[{"embeddable":true,"href":"https:\/\/referent-handicap.org\/index.php\/wp-json\/wp\/v2\/comments?post=235"}],"version-history":[{"count":87,"href":"https:\/\/referent-handicap.org\/index.php\/wp-json\/wp\/v2\/pages\/235\/revisions"}],"predecessor-version":[{"id":894,"href":"https:\/\/referent-handicap.org\/index.php\/wp-json\/wp\/v2\/pages\/235\/revisions\/894"}],"wp:attachment":[{"href":"https:\/\/referent-handicap.org\/index.php\/wp-json\/wp\/v2\/media?parent=235"}],"curies":[{"name":"wp","href":"https:\/\/api.w.org\/{rel}","templated":true}]}}