{"id":133,"date":"2021-02-10T10:53:24","date_gmt":"2021-02-10T09:53:24","guid":{"rendered":"http:\/\/referent-handicap.org\/?page_id=133"},"modified":"2025-05-09T23:24:06","modified_gmt":"2025-05-09T21:24:06","slug":"formation-referent-handicap","status":"publish","type":"page","link":"https:\/\/referent-handicap.org\/index.php\/formation-referent-handicap\/","title":{"rendered":"Devenez Handi-Accueillant"},"content":{"rendered":"\n<figure class=\"wp-block-image size-large is-resized\"><img loading=\"lazy\" decoding=\"async\" width=\"946\" height=\"1024\" src=\"http:\/\/referent-handicap.org\/wp-content\/uploads\/2021\/03\/logo-hadef-946x1024.png\" alt=\"\" class=\"wp-image-481\" style=\"width:232px;height:251px\" srcset=\"https:\/\/referent-handicap.org\/wp-content\/uploads\/2021\/03\/logo-hadef-946x1024.png 946w, https:\/\/referent-handicap.org\/wp-content\/uploads\/2021\/03\/logo-hadef-277x300.png 277w, https:\/\/referent-handicap.org\/wp-content\/uploads\/2021\/03\/logo-hadef-768x831.png 768w, https:\/\/referent-handicap.org\/wp-content\/uploads\/2021\/03\/logo-hadef.png 1418w\" sizes=\"auto, (max-width: 946px) 100vw, 946px\" \/><\/figure>\n\n\n\n<h1 class=\"wp-block-heading\"><strong>Une reconnaissance pour toute personne <\/strong><br><strong>en situation de handicap<\/strong><\/h1>\n\n\n\n<p class=\"has-medium-font-size\">\u2022 Identification d\u2019un r\u00e9f\u00e9rent handicap<br>\u2022 Accessibilit\u00e9 des locaux et de la communication<br>\u2022 Accueil de la personne en situation de handicap<br>\u2022 Mobilisation des ressources appropri\u00e9es aux besoins<br>\u2022 Mise en place des meilleures conditions d\u2019inclusion<br>\u2022 Coordination des moyens de compensation du handicap<\/p>\n\n\n\n<p class=\"has-large-font-size\">Notre d\u00e9marche<\/p>\n\n\n\n<p class=\"has-medium-font-size\">\u2022 Elle repose sur une ressource centrale : le r\u00e9f\u00e9rent handicap<br>\u2022 Sensibilisation au handicap en situation de formation<br>\u2022 Des indicateurs pour mesurer l\u2019existant au sein de votre \u00e9tablissement<\/p>\n\n\n\n<p class=\"has-large-font-size\">Mise en place d\u2019un plan d\u2019actions<\/p>\n\n\n\n<p class=\"has-medium-font-size\">\u2022 Mesures r\u00e9guli\u00e8res et am\u00e9lioration continue <br> afin de p\u00e9renniser une appropriation interne<br>\u2022 Mise en \u0153uvre d\u2019un processus d\u2019am\u00e9lioration de l\u2019accueil <br> des personnes en situation de handicap<br>\u2022 Accompagnement de votre \u00e9tablissement dans la<br> d\u00e9marche d\u2019am\u00e9lioration<br>\u2022 Rep\u00e9rage des acteurs du handicap<\/p>\n","protected":false},"excerpt":{"rendered":"<div class=\"slide-text-bg2\"><span>Une reconnaissance pour toute personne en situation de handicap \u2022 Identification d\u2019un r\u00e9f\u00e9rent handicap\u2022 Accessibilit\u00e9 des locaux et de la communi<\/span><\/div>\n<div class=\"slide-btn-area-sm\"><a href=\"https:\/\/referent-handicap.org\/index.php\/formation-referent-handicap\/\" class=\"slide-btn-sm\">Lire la suite<\/a><\/div>\n","protected":false},"author":1,"featured_media":176,"parent":0,"menu_order":0,"comment_status":"closed","ping_status":"closed","template":"fullwidth.php","meta":{"footnotes":""},"class_list":["post-133","page","type-page","status-publish","has-post-thumbnail","hentry"],"_links":{"self":[{"href":"https:\/\/referent-handicap.org\/index.php\/wp-json\/wp\/v2\/pages\/133","targetHints":{"allow":["GET"]}}],"collection":[{"href":"https:\/\/referent-handicap.org\/index.php\/wp-json\/wp\/v2\/pages"}],"about":[{"href":"https:\/\/referent-handicap.org\/index.php\/wp-json\/wp\/v2\/types\/page"}],"author":[{"embeddable":true,"href":"https:\/\/referent-handicap.org\/index.php\/wp-json\/wp\/v2\/users\/1"}],"replies":[{"embeddable":true,"href":"https:\/\/referent-handicap.org\/index.php\/wp-json\/wp\/v2\/comments?post=133"}],"version-history":[{"count":44,"href":"https:\/\/referent-handicap.org\/index.php\/wp-json\/wp\/v2\/pages\/133\/revisions"}],"predecessor-version":[{"id":870,"href":"https:\/\/referent-handicap.org\/index.php\/wp-json\/wp\/v2\/pages\/133\/revisions\/870"}],"wp:featuredmedia":[{"embeddable":true,"href":"https:\/\/referent-handicap.org\/index.php\/wp-json\/wp\/v2\/media\/176"}],"wp:attachment":[{"href":"https:\/\/referent-handicap.org\/index.php\/wp-json\/wp\/v2\/media?parent=133"}],"curies":[{"name":"wp","href":"https:\/\/api.w.org\/{rel}","templated":true}]}}